{"version":"1.0","provider_name":"Gente de B\u00e1squet","provider_url":"https:\/\/gentedebasquet.com.ar\/sitio","author_name":"Gente de B\u00e1squet","author_url":"https:\/\/gentedebasquet.com.ar\/sitio\/author\/ulises\/","title":"\u201cNo creo que me tengan miedo\u201d - Gente de B\u00e1squet","type":"rich","width":600,"height":338,"html":"<blockquote class=\"wp-embedded-content\" data-secret=\"W8kY0VVSTr\"><a href=\"https:\/\/gentedebasquet.com.ar\/sitio\/2012\/03\/01\/no-creo-que-me-tengan-miedo\/\">\u201cNo creo que me tengan miedo\u201d<\/a><\/blockquote><iframe sandbox=\"allow-scripts\" security=\"restricted\" src=\"https:\/\/gentedebasquet.com.ar\/sitio\/2012\/03\/01\/no-creo-que-me-tengan-miedo\/embed\/#?secret=W8kY0VVSTr\" width=\"600\" height=\"338\" title=\"\u00ab\u201cNo creo que me tengan miedo\u201d\u00bb \u2014 Gente de B\u00e1squet\" data-secret=\"W8kY0VVSTr\" frameborder=\"0\" marginwidth=\"0\" marginheight=\"0\" scrolling=\"no\" class=\"wp-embedded-content\"><\/iframe><script type=\"text\/javascript\">\n\/* <![CDATA[ *\/\n\/*! This file is auto-generated *\/\n!function(d,l){\"use strict\";l.querySelector&&d.addEventListener&&\"undefined\"!=typeof URL&&(d.wp=d.wp||{},d.wp.receiveEmbedMessage||(d.wp.receiveEmbedMessage=function(e){var t=e.data;if((t||t.secret||t.message||t.value)&&!\/[^a-zA-Z0-9]\/.test(t.secret)){for(var s,r,n,a=l.querySelectorAll('iframe[data-secret=\"'+t.secret+'\"]'),o=l.querySelectorAll('blockquote[data-secret=\"'+t.secret+'\"]'),c=new RegExp(\"^https?:$\",\"i\"),i=0;i<o.length;i++)o[i].style.display=\"none\";for(i=0;i<a.length;i++)s=a[i],e.source===s.contentWindow&&(s.removeAttribute(\"style\"),\"height\"===t.message?(1e3<(r=parseInt(t.value,10))?r=1e3:~~r<200&&(r=200),s.height=r):\"link\"===t.message&&(r=new URL(s.getAttribute(\"src\")),n=new URL(t.value),c.test(n.protocol))&&n.host===r.host&&l.activeElement===s&&(d.top.location.href=t.value))}},d.addEventListener(\"message\",d.wp.receiveEmbedMessage,!1),l.addEventListener(\"DOMContentLoaded\",function(){for(var e,t,s=l.querySelectorAll(\"iframe.wp-embedded-content\"),r=0;r<s.length;r++)(t=(e=s[r]).getAttribute(\"data-secret\"))||(t=Math.random().toString(36).substring(2,12),e.src+=\"#?secret=\"+t,e.setAttribute(\"data-secret\",t)),e.contentWindow.postMessage({message:\"ready\",secret:t},\"*\")},!1)))}(window,document);\n\/\/# sourceURL=https:\/\/gentedebasquet.com.ar\/sitio\/wp-includes\/js\/wp-embed.min.js\n\/* ]]> *\/\n<\/script>\n","description":"Adolfo Lista volvi\u00f3 a ser relecto en la Asociaci\u00f3n Bahiense de B\u00e1squetbol, lugar en el que permanece desde 1995, en una Asamblea r\u00e9cord. El \u201cFlaco\u201d habl\u00f3 de todo con Gente de B\u00e1squet, dijo de los \u00e1rbitros que \u201cson como maestro de escuela, cuando empiezan las clases piden aumento\u201d, que hace m\u00e1s de 3 meses que [&hellip;]","thumbnail_url":"http:\/\/www.gentedebasquet.com.ar\/wp-content\/uploads\/2012\/03\/Lista.jpg"}