{"version":"1.0","provider_name":"Gente de B\u00e1squet","provider_url":"https:\/\/gentedebasquet.com.ar\/sitio","author_name":"Romina Sald\u00edas","author_url":"https:\/\/gentedebasquet.com.ar\/sitio\/author\/romina-saldia\/","title":"Se viene una nueva Fiesta Nacional del B\u00e1squet - Gente de B\u00e1squet","type":"rich","width":600,"height":338,"html":"<blockquote class=\"wp-embedded-content\" data-secret=\"bjWmVRED6v\"><a href=\"https:\/\/gentedebasquet.com.ar\/sitio\/2013\/11\/30\/se-viene-una-nueva-fiesta-nacional-del-basquet\/\">Se viene una nueva Fiesta Nacional del B\u00e1squet<\/a><\/blockquote><iframe sandbox=\"allow-scripts\" security=\"restricted\" src=\"https:\/\/gentedebasquet.com.ar\/sitio\/2013\/11\/30\/se-viene-una-nueva-fiesta-nacional-del-basquet\/embed\/#?secret=bjWmVRED6v\" width=\"600\" height=\"338\" title=\"\u00abSe viene una nueva Fiesta Nacional del B\u00e1squet\u00bb \u2014 Gente de B\u00e1squet\" data-secret=\"bjWmVRED6v\" frameborder=\"0\" marginwidth=\"0\" marginheight=\"0\" scrolling=\"no\" class=\"wp-embedded-content\"><\/iframe><script type=\"text\/javascript\">\n\/* <![CDATA[ *\/\n\/*! This file is auto-generated *\/\n!function(d,l){\"use strict\";l.querySelector&&d.addEventListener&&\"undefined\"!=typeof URL&&(d.wp=d.wp||{},d.wp.receiveEmbedMessage||(d.wp.receiveEmbedMessage=function(e){var t=e.data;if((t||t.secret||t.message||t.value)&&!\/[^a-zA-Z0-9]\/.test(t.secret)){for(var s,r,n,a=l.querySelectorAll('iframe[data-secret=\"'+t.secret+'\"]'),o=l.querySelectorAll('blockquote[data-secret=\"'+t.secret+'\"]'),c=new RegExp(\"^https?:$\",\"i\"),i=0;i<o.length;i++)o[i].style.display=\"none\";for(i=0;i<a.length;i++)s=a[i],e.source===s.contentWindow&&(s.removeAttribute(\"style\"),\"height\"===t.message?(1e3<(r=parseInt(t.value,10))?r=1e3:~~r<200&&(r=200),s.height=r):\"link\"===t.message&&(r=new URL(s.getAttribute(\"src\")),n=new URL(t.value),c.test(n.protocol))&&n.host===r.host&&l.activeElement===s&&(d.top.location.href=t.value))}},d.addEventListener(\"message\",d.wp.receiveEmbedMessage,!1),l.addEventListener(\"DOMContentLoaded\",function(){for(var e,t,s=l.querySelectorAll(\"iframe.wp-embedded-content\"),r=0;r<s.length;r++)(t=(e=s[r]).getAttribute(\"data-secret\"))||(t=Math.random().toString(36).substring(2,12),e.src+=\"#?secret=\"+t,e.setAttribute(\"data-secret\",t)),e.contentWindow.postMessage({message:\"ready\",secret:t},\"*\")},!1)))}(window,document);\n\/\/# sourceURL=https:\/\/gentedebasquet.com.ar\/sitio\/wp-includes\/js\/wp-embed.min.js\n\/* ]]> *\/\n<\/script>\n","thumbnail_url":"http:\/\/gentedebasquet.com.ar\/sitio\/wp-content\/uploads\/2013\/12\/Fiesta-Nacional-del-basquet.jpg","thumbnail_width":300,"thumbnail_height":225,"description":"Esta ma\u00f1ana se realiz\u00f3 una conferencia de prensa para lanzar formalmente la Fiesta Nacional del B\u00e1squet Edici\u00f3n 2013. All\u00ed se brindaron detalles de los nueve eventos que la componen, incluyendo la intenci\u00f3n de superar nuevamente un R\u00e9cord Guinnes. Ir\u00e1 del 12 al 15 de diciembre con epicentro en Bahiense del Norte."}